{"id":31,"date":"2022-07-01T16:28:41","date_gmt":"2022-07-01T19:28:41","guid":{"rendered":"https:\/\/mestresdaweb.store\/pousadasplus\/?page_id=31"},"modified":"2022-07-02T11:43:33","modified_gmt":"2022-07-02T14:43:33","slug":"localizacao","status":"publish","type":"page","link":"https:\/\/mestresdaweb.store\/pousadasplus\/localizacao\/","title":{"rendered":"Localiza\u00e7\u00e3o"},"content":{"rendered":"\t\t<div data-elementor-type=\"wp-page\" data-elementor-id=\"31\" class=\"elementor elementor-31\" data-elementor-post-type=\"page\">\n\t\t\t\t\t\t<section class=\"elementor-section elementor-top-section elementor-element elementor-element-50cf8900 elementor-section-height-min-height elementor-section-boxed elementor-section-height-default elementor-section-items-middle\" data-id=\"50cf8900\" data-element_type=\"section\" data-settings=\"{&quot;background_background&quot;:&quot;classic&quot;}\">\n\t\t\t\t\t\t\t<div class=\"elementor-background-overlay\"><\/div>\n\t\t\t\t\t\t\t<div class=\"elementor-container elementor-column-gap-default\">\n\t\t\t\t\t<div class=\"elementor-column elementor-col-100 elementor-top-column elementor-element elementor-element-7ce8ede9\" data-id=\"7ce8ede9\" data-element_type=\"column\">\n\t\t\t<div class=\"elementor-widget-wrap elementor-element-populated\">\n\t\t\t\t\t\t<div class=\"elementor-element elementor-element-4b8eb92b elementor-widget elementor-widget-elementskit-heading\" data-id=\"4b8eb92b\" data-element_type=\"widget\" data-widget_type=\"elementskit-heading.default\">\n\t\t\t\t<div class=\"elementor-widget-container\">\n\t\t\t<div class=\"ekit-wid-con\" ><div class=\"ekit-heading elementskit-section-title-wraper text_center   ekit_heading_tablet-   ekit_heading_mobile-\"><span class=\"elementskit-section-subtitle  \">\n\t\t\t\t\t\tGramado - Serra Ga\u00facha\n\t\t\t\t\t<\/span><h2 class=\"ekit-heading--title elementskit-section-title \">\n\t\t\t\t\tLocaliza\u00e7\u00e3o\n\t\t\t\t<\/h2>\t\t\t\t<div class='ekit-heading__description'>\n\t\t\t\t\t<p>Saiba onde e como nos encontrar em Gramado!<\/p>\n\t\t\t\t<\/div>\n\t\t\t<\/div><\/div>\t\t<\/div>\n\t\t\t\t<\/div>\n\t\t\t\t\t<\/div>\n\t\t<\/div>\n\t\t\t\t\t<\/div>\n\t\t<\/section>\n\t\t\t\t<section class=\"elementor-section elementor-top-section elementor-element elementor-element-4f4bc9a elementor-section-boxed elementor-section-height-default elementor-section-height-default\" data-id=\"4f4bc9a\" data-element_type=\"section\">\n\t\t\t\t\t\t<div class=\"elementor-container elementor-column-gap-default\">\n\t\t\t\t\t<div class=\"elementor-column elementor-col-100 elementor-top-column elementor-element elementor-element-29ae4932\" data-id=\"29ae4932\" data-element_type=\"column\">\n\t\t\t<div class=\"elementor-widget-wrap elementor-element-populated\">\n\t\t\t\t\t\t<section class=\"elementor-section elementor-inner-section elementor-element elementor-element-540aea1b elementor-section-boxed elementor-section-height-default elementor-section-height-default\" data-id=\"540aea1b\" data-element_type=\"section\" id=\"sobre\" data-settings=\"{&quot;background_background&quot;:&quot;classic&quot;}\">\n\t\t\t\t\t\t<div class=\"elementor-container elementor-column-gap-default\">\n\t\t\t\t\t<div class=\"elementor-column elementor-col-50 elementor-inner-column elementor-element elementor-element-6749656 elementor-invisible\" data-id=\"6749656\" data-element_type=\"column\" data-settings=\"{&quot;animation&quot;:&quot;fadeInUp&quot;}\">\n\t\t\t<div class=\"elementor-widget-wrap elementor-element-populated\">\n\t\t\t\t\t\t<div class=\"elementor-element elementor-element-b4fd1ec elementor-view-default elementor-widget elementor-widget-icon\" data-id=\"b4fd1ec\" data-element_type=\"widget\" data-widget_type=\"icon.default\">\n\t\t\t\t<div class=\"elementor-widget-container\">\n\t\t\t\t\t<div class=\"elementor-icon-wrapper\">\n\t\t\t<div class=\"elementor-icon\">\n\t\t\t<i aria-hidden=\"true\" class=\"fas fa-map-marker-alt\"><\/i>\t\t\t<\/div>\n\t\t<\/div>\n\t\t\t\t<\/div>\n\t\t\t\t<\/div>\n\t\t\t\t\t<\/div>\n\t\t<\/div>\n\t\t\t\t<div class=\"elementor-column elementor-col-50 elementor-inner-column elementor-element elementor-element-7dfe2560 elementor-invisible\" data-id=\"7dfe2560\" data-element_type=\"column\" data-settings=\"{&quot;animation&quot;:&quot;fadeInUp&quot;}\">\n\t\t\t<div class=\"elementor-widget-wrap elementor-element-populated\">\n\t\t\t\t\t\t<div class=\"elementor-element elementor-element-99eba97 elementor-widget elementor-widget-text-editor\" data-id=\"99eba97\" data-element_type=\"widget\" data-widget_type=\"text-editor.default\">\n\t\t\t\t<div class=\"elementor-widget-container\">\n\t\t\t<style>\/*! elementor - v3.23.0 - 05-08-2024 *\/\n.elementor-widget-text-editor.elementor-drop-cap-view-stacked .elementor-drop-cap{background-color:#69727d;color:#fff}.elementor-widget-text-editor.elementor-drop-cap-view-framed .elementor-drop-cap{color:#69727d;border:3px solid;background-color:transparent}.elementor-widget-text-editor:not(.elementor-drop-cap-view-default) .elementor-drop-cap{margin-top:8px}.elementor-widget-text-editor:not(.elementor-drop-cap-view-default) .elementor-drop-cap-letter{width:1em;height:1em}.elementor-widget-text-editor .elementor-drop-cap{float:left;text-align:center;line-height:1;font-size:50px}.elementor-widget-text-editor .elementor-drop-cap-letter{display:inline-block}<\/style>\t\t\t\t<p>Estamos localizados na Rua Pref. Waldemar Frederico Weber, 907<br \/>Bairro Mato Queimado, Gramado &#8211; RS, 95670-000<\/p>\t\t\t\t\t\t<\/div>\n\t\t\t\t<\/div>\n\t\t\t\t\t<\/div>\n\t\t<\/div>\n\t\t\t\t\t<\/div>\n\t\t<\/section>\n\t\t\t\t\t<\/div>\n\t\t<\/div>\n\t\t\t\t\t<\/div>\n\t\t<\/section>\n\t\t\t\t<section class=\"elementor-section elementor-top-section elementor-element elementor-element-66ceae54 elementor-section-boxed elementor-section-height-default elementor-section-height-default\" data-id=\"66ceae54\" data-element_type=\"section\" data-settings=\"{&quot;background_background&quot;:&quot;classic&quot;}\">\n\t\t\t\t\t\t<div class=\"elementor-container elementor-column-gap-default\">\n\t\t\t\t\t<div class=\"elementor-column elementor-col-100 elementor-top-column elementor-element elementor-element-7dfe0548\" data-id=\"7dfe0548\" data-element_type=\"column\">\n\t\t\t<div class=\"elementor-widget-wrap elementor-element-populated\">\n\t\t\t\t\t\t<section class=\"elementor-section elementor-inner-section elementor-element elementor-element-8fbe36b elementor-section-boxed elementor-section-height-default elementor-section-height-default elementor-invisible\" data-id=\"8fbe36b\" data-element_type=\"section\" data-settings=\"{&quot;animation&quot;:&quot;fadeInUp&quot;}\">\n\t\t\t\t\t\t<div class=\"elementor-container elementor-column-gap-default\">\n\t\t\t\t\t<div class=\"elementor-column elementor-col-100 elementor-inner-column elementor-element elementor-element-36ecc9bc\" data-id=\"36ecc9bc\" data-element_type=\"column\">\n\t\t\t<div class=\"elementor-widget-wrap elementor-element-populated\">\n\t\t\t\t\t\t<div class=\"elementor-element elementor-element-37d090b3 elementor-widget elementor-widget-elementskit-heading\" data-id=\"37d090b3\" data-element_type=\"widget\" data-widget_type=\"elementskit-heading.default\">\n\t\t\t\t<div class=\"elementor-widget-container\">\n\t\t\t<div class=\"ekit-wid-con\" ><div class=\"ekit-heading elementskit-section-title-wraper text_center   ekit_heading_tablet-   ekit_heading_mobile-\"><h2 class=\"ekit-heading--title elementskit-section-title \">\n\t\t\t\t\tPertinho de tudo\n\t\t\t\t<\/h2>\t\t\t\t<div class='ekit-heading__description'>\n\t\t\t\t\t<p>A Hospedagem V\u00f3 Lina fica a 2,4 km do Pal\u00e1cio dos Festivais e da Igreja de S\u00e3o Pedro. O aeroporto mais pr\u00f3ximo \u00e9 o Aeroporto Regional Hugo Cantergiani, a 68 km da acomoda\u00e7\u00e3o.<\/p>\n\t\t\t\t<\/div>\n\t\t\t<\/div><\/div>\t\t<\/div>\n\t\t\t\t<\/div>\n\t\t\t\t\t<\/div>\n\t\t<\/div>\n\t\t\t\t\t<\/div>\n\t\t<\/section>\n\t\t\t\t<section class=\"elementor-section elementor-inner-section elementor-element elementor-element-555e2036 elementor-section-boxed elementor-section-height-default elementor-section-height-default elementor-invisible\" data-id=\"555e2036\" data-element_type=\"section\" data-settings=\"{&quot;animation&quot;:&quot;fadeInUp&quot;}\">\n\t\t\t\t\t\t<div class=\"elementor-container elementor-column-gap-default\">\n\t\t\t\t\t<div class=\"elementor-column elementor-col-100 elementor-inner-column elementor-element elementor-element-8fe05f0\" data-id=\"8fe05f0\" data-element_type=\"column\" data-settings=\"{&quot;background_background&quot;:&quot;classic&quot;}\">\n\t\t\t<div class=\"elementor-widget-wrap elementor-element-populated\">\n\t\t\t\t\t\t<div class=\"elementor-element elementor-element-7226a03a elementor-widget elementor-widget-google_maps\" data-id=\"7226a03a\" data-element_type=\"widget\" data-widget_type=\"google_maps.default\">\n\t\t\t\t<div class=\"elementor-widget-container\">\n\t\t\t<style>\/*! elementor - v3.23.0 - 05-08-2024 *\/\n.elementor-widget-google_maps .elementor-widget-container{overflow:hidden}.elementor-widget-google_maps .elementor-custom-embed{line-height:0}.elementor-widget-google_maps iframe{height:300px}<\/style>\t\t<div class=\"elementor-custom-embed\">\n\t\t\t<iframe loading=\"lazy\"\n\t\t\t\t\tsrc=\"https:\/\/maps.google.com\/maps?q=Rua%20Prefeito%20Waldemar%20Frederico%20Weber%201%20andar%2C%20Gramado%2C%20CEP%2095670-000&#038;t=m&#038;z=14&#038;output=embed&#038;iwloc=near\"\n\t\t\t\t\ttitle=\"Rua Prefeito Waldemar Frederico Weber 1 andar, Gramado, CEP 95670-000\"\n\t\t\t\t\taria-label=\"Rua Prefeito Waldemar Frederico Weber 1 andar, Gramado, CEP 95670-000\"\n\t\t\t><\/iframe>\n\t\t<\/div>\n\t\t\t\t<\/div>\n\t\t\t\t<\/div>\n\t\t\t\t\t<\/div>\n\t\t<\/div>\n\t\t\t\t\t<\/div>\n\t\t<\/section>\n\t\t\t\t\t<\/div>\n\t\t<\/div>\n\t\t\t\t\t<\/div>\n\t\t<\/section>\n\t\t\t\t<section class=\"elementor-section elementor-top-section elementor-element elementor-element-312a7f60 elementor-section-boxed elementor-section-height-default elementor-section-height-default\" data-id=\"312a7f60\" data-element_type=\"section\">\n\t\t\t\t\t\t<div class=\"elementor-container elementor-column-gap-default\">\n\t\t\t\t\t<div class=\"elementor-column elementor-col-100 elementor-top-column elementor-element elementor-element-28944980\" data-id=\"28944980\" data-element_type=\"column\">\n\t\t\t<div class=\"elementor-widget-wrap elementor-element-populated\">\n\t\t\t\t\t\t<section class=\"elementor-section elementor-inner-section elementor-element elementor-element-56aa6ca elementor-section-boxed elementor-section-height-default elementor-section-height-default elementor-invisible\" data-id=\"56aa6ca\" data-element_type=\"section\" data-settings=\"{&quot;animation&quot;:&quot;fadeInUp&quot;}\">\n\t\t\t\t\t\t<div class=\"elementor-container elementor-column-gap-default\">\n\t\t\t\t\t<div class=\"elementor-column elementor-col-100 elementor-inner-column elementor-element elementor-element-33bf7146\" data-id=\"33bf7146\" data-element_type=\"column\">\n\t\t\t<div class=\"elementor-widget-wrap elementor-element-populated\">\n\t\t\t\t\t\t<div class=\"elementor-element elementor-element-25580333 elementor-widget elementor-widget-elementskit-heading\" data-id=\"25580333\" data-element_type=\"widget\" data-widget_type=\"elementskit-heading.default\">\n\t\t\t\t<div class=\"elementor-widget-container\">\n\t\t\t<div class=\"ekit-wid-con\" ><div class=\"ekit-heading elementskit-section-title-wraper text_center   ekit_heading_tablet-   ekit_heading_mobile-\"><h2 class=\"ekit-heading--title elementskit-section-title \">\n\t\t\t\t\tHospede-se com charme e conforto no \u2764 de Gramado!\n\t\t\t\t<\/h2><\/div><\/div>\t\t<\/div>\n\t\t\t\t<\/div>\n\t\t\t\t\t<\/div>\n\t\t<\/div>\n\t\t\t\t\t<\/div>\n\t\t<\/section>\n\t\t\t\t\t<\/div>\n\t\t<\/div>\n\t\t\t\t\t<\/div>\n\t\t<\/section>\n\t\t\t\t<\/div>\n\t\t","protected":false},"excerpt":{"rendered":"<p>Gramado &#8211; Serra Ga\u00facha Localiza\u00e7\u00e3o Saiba onde e como nos encontrar em Gramado! Estamos localizados na Rua Pref. Waldemar Frederico Weber, 907Bairro Mato Queimado, Gramado &#8211; RS, 95670-000 Pertinho de tudo A Hospedagem V\u00f3 Lina fica a 2,4 km do Pal\u00e1cio dos Festivais e da Igreja de S\u00e3o Pedro. O aeroporto mais pr\u00f3ximo \u00e9 o &hellip;<\/p>\n<p class=\"read-more\"> <a class=\"\" href=\"https:\/\/mestresdaweb.store\/pousadasplus\/localizacao\/\"> <span class=\"screen-reader-text\">Localiza\u00e7\u00e3o<\/span> Leia mais &raquo;<\/a><\/p>\n","protected":false},"author":1,"featured_media":0,"parent":0,"menu_order":0,"comment_status":"closed","ping_status":"closed","template":"elementor_header_footer","meta":{"site-sidebar-layout":"no-sidebar","site-content-layout":"page-builder","ast-global-header-display":"","ast-main-header-display":"","ast-hfb-above-header-display":"","ast-hfb-below-header-display":"","ast-hfb-mobile-header-display":"","site-post-title":"disabled","ast-breadcrumbs-content":"","ast-featured-img":"disabled","footer-sml-layout":"","theme-transparent-header-meta":"","adv-header-id-meta":"","stick-header-meta":"","header-above-stick-meta":"","header-main-stick-meta":"","header-below-stick-meta":"","footnotes":""},"class_list":["post-31","page","type-page","status-publish","hentry"],"yoast_head":"<!-- This site is optimized with the Yoast SEO plugin v22.7 - https:\/\/yoast.com\/wordpress\/plugins\/seo\/ -->\n<title>Localiza\u00e7\u00e3o - Pousadas +<\/title>\n<meta name=\"robots\" content=\"index, follow, max-snippet:-1, max-image-preview:large, max-video-preview:-1\" \/>\n<link rel=\"canonical\" href=\"https:\/\/mestresdaweb.store\/pousadasplus\/localizacao\/\" \/>\n<meta property=\"og:locale\" content=\"pt_BR\" \/>\n<meta property=\"og:type\" content=\"article\" \/>\n<meta property=\"og:title\" content=\"Localiza\u00e7\u00e3o - Pousadas +\" \/>\n<meta property=\"og:description\" content=\"Gramado &#8211; Serra Ga\u00facha Localiza\u00e7\u00e3o Saiba onde e como nos encontrar em Gramado! Estamos localizados na Rua Pref. Waldemar Frederico Weber, 907Bairro Mato Queimado, Gramado &#8211; RS, 95670-000 Pertinho de tudo A Hospedagem V\u00f3 Lina fica a 2,4 km do Pal\u00e1cio dos Festivais e da Igreja de S\u00e3o Pedro. O aeroporto mais pr\u00f3ximo \u00e9 o &hellip; Localiza\u00e7\u00e3o Leia mais &raquo;\" \/>\n<meta property=\"og:url\" content=\"https:\/\/mestresdaweb.store\/pousadasplus\/localizacao\/\" \/>\n<meta property=\"og:site_name\" content=\"Pousadas +\" \/>\n<meta property=\"article:modified_time\" content=\"2022-07-02T14:43:33+00:00\" \/>\n<meta name=\"twitter:card\" content=\"summary_large_image\" \/>\n<script type=\"application\/ld+json\" class=\"yoast-schema-graph\">{\"@context\":\"https:\/\/schema.org\",\"@graph\":[{\"@type\":\"WebPage\",\"@id\":\"https:\/\/mestresdaweb.store\/pousadasplus\/localizacao\/\",\"url\":\"https:\/\/mestresdaweb.store\/pousadasplus\/localizacao\/\",\"name\":\"Localiza\u00e7\u00e3o - Pousadas +\",\"isPartOf\":{\"@id\":\"https:\/\/mestresdaweb.store\/pousadasplus\/#website\"},\"datePublished\":\"2022-07-01T19:28:41+00:00\",\"dateModified\":\"2022-07-02T14:43:33+00:00\",\"breadcrumb\":{\"@id\":\"https:\/\/mestresdaweb.store\/pousadasplus\/localizacao\/#breadcrumb\"},\"inLanguage\":\"pt-BR\",\"potentialAction\":[{\"@type\":\"ReadAction\",\"target\":[\"https:\/\/mestresdaweb.store\/pousadasplus\/localizacao\/\"]}]},{\"@type\":\"BreadcrumbList\",\"@id\":\"https:\/\/mestresdaweb.store\/pousadasplus\/localizacao\/#breadcrumb\",\"itemListElement\":[{\"@type\":\"ListItem\",\"position\":1,\"name\":\"In\u00edcio\",\"item\":\"https:\/\/mestresdaweb.store\/pousadasplus\/\"},{\"@type\":\"ListItem\",\"position\":2,\"name\":\"Localiza\u00e7\u00e3o\"}]},{\"@type\":\"WebSite\",\"@id\":\"https:\/\/mestresdaweb.store\/pousadasplus\/#website\",\"url\":\"https:\/\/mestresdaweb.store\/pousadasplus\/\",\"name\":\"Pousadas +\",\"description\":\"Site para Pousadas e Hostels\",\"publisher\":{\"@id\":\"https:\/\/mestresdaweb.store\/pousadasplus\/#organization\"},\"potentialAction\":[{\"@type\":\"SearchAction\",\"target\":{\"@type\":\"EntryPoint\",\"urlTemplate\":\"https:\/\/mestresdaweb.store\/pousadasplus\/?s={search_term_string}\"},\"query-input\":\"required name=search_term_string\"}],\"inLanguage\":\"pt-BR\"},{\"@type\":\"Organization\",\"@id\":\"https:\/\/mestresdaweb.store\/pousadasplus\/#organization\",\"name\":\"V\u00f3 Lina Gramado\",\"url\":\"https:\/\/mestresdaweb.store\/pousadasplus\/\",\"logo\":{\"@type\":\"ImageObject\",\"inLanguage\":\"pt-BR\",\"@id\":\"https:\/\/mestresdaweb.store\/pousadasplus\/#\/schema\/logo\/image\/\",\"url\":\"https:\/\/mestresdaweb.store\/pousadasplus\/wp-content\/uploads\/2022\/07\/WhatsApp-Image-2022-07-07-at-11.01.17.jpeg\",\"contentUrl\":\"https:\/\/mestresdaweb.store\/pousadasplus\/wp-content\/uploads\/2022\/07\/WhatsApp-Image-2022-07-07-at-11.01.17.jpeg\",\"width\":1599,\"height\":899,\"caption\":\"V\u00f3 Lina Gramado\"},\"image\":{\"@id\":\"https:\/\/mestresdaweb.store\/pousadasplus\/#\/schema\/logo\/image\/\"}}]}<\/script>\n<!-- \/ Yoast SEO plugin. -->","yoast_head_json":{"title":"Localiza\u00e7\u00e3o - Pousadas +","robots":{"index":"index","follow":"follow","max-snippet":"max-snippet:-1","max-image-preview":"max-image-preview:large","max-video-preview":"max-video-preview:-1"},"canonical":"https:\/\/mestresdaweb.store\/pousadasplus\/localizacao\/","og_locale":"pt_BR","og_type":"article","og_title":"Localiza\u00e7\u00e3o - Pousadas +","og_description":"Gramado &#8211; Serra Ga\u00facha Localiza\u00e7\u00e3o Saiba onde e como nos encontrar em Gramado! Estamos localizados na Rua Pref. Waldemar Frederico Weber, 907Bairro Mato Queimado, Gramado &#8211; RS, 95670-000 Pertinho de tudo A Hospedagem V\u00f3 Lina fica a 2,4 km do Pal\u00e1cio dos Festivais e da Igreja de S\u00e3o Pedro. O aeroporto mais pr\u00f3ximo \u00e9 o &hellip; Localiza\u00e7\u00e3o Leia mais &raquo;","og_url":"https:\/\/mestresdaweb.store\/pousadasplus\/localizacao\/","og_site_name":"Pousadas +","article_modified_time":"2022-07-02T14:43:33+00:00","twitter_card":"summary_large_image","schema":{"@context":"https:\/\/schema.org","@graph":[{"@type":"WebPage","@id":"https:\/\/mestresdaweb.store\/pousadasplus\/localizacao\/","url":"https:\/\/mestresdaweb.store\/pousadasplus\/localizacao\/","name":"Localiza\u00e7\u00e3o - Pousadas +","isPartOf":{"@id":"https:\/\/mestresdaweb.store\/pousadasplus\/#website"},"datePublished":"2022-07-01T19:28:41+00:00","dateModified":"2022-07-02T14:43:33+00:00","breadcrumb":{"@id":"https:\/\/mestresdaweb.store\/pousadasplus\/localizacao\/#breadcrumb"},"inLanguage":"pt-BR","potentialAction":[{"@type":"ReadAction","target":["https:\/\/mestresdaweb.store\/pousadasplus\/localizacao\/"]}]},{"@type":"BreadcrumbList","@id":"https:\/\/mestresdaweb.store\/pousadasplus\/localizacao\/#breadcrumb","itemListElement":[{"@type":"ListItem","position":1,"name":"In\u00edcio","item":"https:\/\/mestresdaweb.store\/pousadasplus\/"},{"@type":"ListItem","position":2,"name":"Localiza\u00e7\u00e3o"}]},{"@type":"WebSite","@id":"https:\/\/mestresdaweb.store\/pousadasplus\/#website","url":"https:\/\/mestresdaweb.store\/pousadasplus\/","name":"Pousadas +","description":"Site para Pousadas e Hostels","publisher":{"@id":"https:\/\/mestresdaweb.store\/pousadasplus\/#organization"},"potentialAction":[{"@type":"SearchAction","target":{"@type":"EntryPoint","urlTemplate":"https:\/\/mestresdaweb.store\/pousadasplus\/?s={search_term_string}"},"query-input":"required name=search_term_string"}],"inLanguage":"pt-BR"},{"@type":"Organization","@id":"https:\/\/mestresdaweb.store\/pousadasplus\/#organization","name":"V\u00f3 Lina Gramado","url":"https:\/\/mestresdaweb.store\/pousadasplus\/","logo":{"@type":"ImageObject","inLanguage":"pt-BR","@id":"https:\/\/mestresdaweb.store\/pousadasplus\/#\/schema\/logo\/image\/","url":"https:\/\/mestresdaweb.store\/pousadasplus\/wp-content\/uploads\/2022\/07\/WhatsApp-Image-2022-07-07-at-11.01.17.jpeg","contentUrl":"https:\/\/mestresdaweb.store\/pousadasplus\/wp-content\/uploads\/2022\/07\/WhatsApp-Image-2022-07-07-at-11.01.17.jpeg","width":1599,"height":899,"caption":"V\u00f3 Lina Gramado"},"image":{"@id":"https:\/\/mestresdaweb.store\/pousadasplus\/#\/schema\/logo\/image\/"}}]}},"_links":{"self":[{"href":"https:\/\/mestresdaweb.store\/pousadasplus\/wp-json\/wp\/v2\/pages\/31","targetHints":{"allow":["GET"]}}],"collection":[{"href":"https:\/\/mestresdaweb.store\/pousadasplus\/wp-json\/wp\/v2\/pages"}],"about":[{"href":"https:\/\/mestresdaweb.store\/pousadasplus\/wp-json\/wp\/v2\/types\/page"}],"author":[{"embeddable":true,"href":"https:\/\/mestresdaweb.store\/pousadasplus\/wp-json\/wp\/v2\/users\/1"}],"replies":[{"embeddable":true,"href":"https:\/\/mestresdaweb.store\/pousadasplus\/wp-json\/wp\/v2\/comments?post=31"}],"version-history":[{"count":4,"href":"https:\/\/mestresdaweb.store\/pousadasplus\/wp-json\/wp\/v2\/pages\/31\/revisions"}],"predecessor-version":[{"id":230,"href":"https:\/\/mestresdaweb.store\/pousadasplus\/wp-json\/wp\/v2\/pages\/31\/revisions\/230"}],"wp:attachment":[{"href":"https:\/\/mestresdaweb.store\/pousadasplus\/wp-json\/wp\/v2\/media?parent=31"}],"curies":[{"name":"wp","href":"https:\/\/api.w.org\/{rel}","templated":true}]}}